{"id":85,"date":"2021-02-09T16:11:51","date_gmt":"2021-02-09T16:11:51","guid":{"rendered":"https:\/\/pages.lip.pt\/loumu\/?page_id=85"},"modified":"2025-09-23T17:35:31","modified_gmt":"2025-09-23T17:35:31","slug":"no-lousal","status":"publish","type":"page","link":"https:\/\/pages.lip.pt\/loumu\/no-lousal\/","title":{"rendered":"Atividades no Lousal"},"content":{"rendered":"\n<p><\/p>\n\n\n\n<blockquote class=\"wp-block-quote is-layout-flow wp-block-quote-is-layout-flow\">\n<p>O Lousal \u00e9 local de atividades cient\u00edficas e de divulga\u00e7\u00e3o do conhecimento.<\/p>\n\n\n\n<p>No \u00e2mbito do LouMu, realizam-se no Lousal palestras sobre muografia e temas relacionados e visitas ao equipamento de dete\u00e7\u00e3o no interior da mina. <\/p>\n\n\n\n<p>Contacto para marca\u00e7\u00e3o de visitas ao Lousal: <strong>info @ lousal.cienciaviva.pt<\/strong><\/p>\n<\/blockquote>\n\n\n\n<hr class=\"wp-block-separator has-css-opacity is-style-dots\"\/>\n\n\n\n<div style=\"height:21px\" aria-hidden=\"true\" class=\"wp-block-spacer\"><\/div>\n\n\n\n<p class=\"has-medium-font-size\"><strong><strong>| <\/strong>20 . 07 . 2025  &amp;  0<em>3 . 08 . 202<\/em>5 <strong>| <\/strong> Ci\u00eancia Viva em Rede: Mu\u00f5es C\u00f3smicos na Mina &#8211; Edi\u00e7\u00e3o 2025<\/strong><gwmw style=\"display:none;\"><\/gwmw><\/p>\n\n\n\n<div class=\"wp-block-columns is-layout-flex wp-container-core-columns-is-layout-9d6595d7 wp-block-columns-is-layout-flex\">\n<div class=\"wp-block-column is-layout-flow wp-block-column-is-layout-flow\">\n<figure class=\"wp-block-image size-large\"><img fetchpriority=\"high\" decoding=\"async\" width=\"1024\" height=\"1024\" src=\"https:\/\/pages.lip.pt\/loumu\/wp-content\/uploads\/sites\/7\/2025\/09\/020250720_113345_2-1024x1024.jpg\" alt=\"\" class=\"wp-image-1511\" srcset=\"https:\/\/pages.lip.pt\/loumu\/wp-content\/uploads\/sites\/7\/2025\/09\/020250720_113345_2-1024x1024.jpg 1024w, https:\/\/pages.lip.pt\/loumu\/wp-content\/uploads\/sites\/7\/2025\/09\/020250720_113345_2-300x300.jpg 300w, https:\/\/pages.lip.pt\/loumu\/wp-content\/uploads\/sites\/7\/2025\/09\/020250720_113345_2-150x150.jpg 150w, https:\/\/pages.lip.pt\/loumu\/wp-content\/uploads\/sites\/7\/2025\/09\/020250720_113345_2-768x768.jpg 768w, https:\/\/pages.lip.pt\/loumu\/wp-content\/uploads\/sites\/7\/2025\/09\/020250720_113345_2-1536x1536.jpg 1536w, https:\/\/pages.lip.pt\/loumu\/wp-content\/uploads\/sites\/7\/2025\/09\/020250720_113345_2-2048x2048.jpg 2048w, https:\/\/pages.lip.pt\/loumu\/wp-content\/uploads\/sites\/7\/2025\/09\/020250720_113345_2-100x100.jpg 100w\" sizes=\"(max-width: 767px) 89vw, (max-width: 1000px) 54vw, (max-width: 1071px) 543px, 580px\" \/><figcaption class=\"wp-element-caption\">Em todas as edi\u00e7\u00f5es desta atividade  \u00e9 feita uma pequena visita pela corta mineira, enquanto todos caminham at\u00e9 \u00e0 galeria subterr\u00e2nea. Torna-se interessante compreender um pouco da geologia e da paisagem que se formou \u00e0 superf\u00edcie depois de d\u00e9cadas de explora\u00e7\u00e3o de min\u00e9rio.<\/figcaption><\/figure>\n<\/div>\n\n\n\n<div class=\"wp-block-column is-layout-flow wp-block-column-is-layout-flow\">\n<figure class=\"wp-block-image size-large\"><img decoding=\"async\" width=\"1024\" height=\"1024\" src=\"https:\/\/pages.lip.pt\/loumu\/wp-content\/uploads\/sites\/7\/2025\/09\/0IMG_5629_2-1024x1024.jpeg\" alt=\"\" class=\"wp-image-1512\" srcset=\"https:\/\/pages.lip.pt\/loumu\/wp-content\/uploads\/sites\/7\/2025\/09\/0IMG_5629_2-1024x1024.jpeg 1024w, https:\/\/pages.lip.pt\/loumu\/wp-content\/uploads\/sites\/7\/2025\/09\/0IMG_5629_2-300x300.jpeg 300w, https:\/\/pages.lip.pt\/loumu\/wp-content\/uploads\/sites\/7\/2025\/09\/0IMG_5629_2-150x150.jpeg 150w, https:\/\/pages.lip.pt\/loumu\/wp-content\/uploads\/sites\/7\/2025\/09\/0IMG_5629_2-768x768.jpeg 768w, https:\/\/pages.lip.pt\/loumu\/wp-content\/uploads\/sites\/7\/2025\/09\/0IMG_5629_2-1536x1536.jpeg 1536w, https:\/\/pages.lip.pt\/loumu\/wp-content\/uploads\/sites\/7\/2025\/09\/0IMG_5629_2-100x100.jpeg 100w, https:\/\/pages.lip.pt\/loumu\/wp-content\/uploads\/sites\/7\/2025\/09\/0IMG_5629_2.jpeg 2002w\" sizes=\"(max-width: 767px) 89vw, (max-width: 1000px) 54vw, (max-width: 1071px) 543px, 580px\" \/><figcaption class=\"wp-element-caption\">Ao longo dos 180 m de percurso no interior da galeria, os visitantes contactam com diferentes elementos que os transportam para \u00e9pocas diferentes de utilida\u00e7\u00e3o da mina, descobrindo porque atualmente ela \u00e9 uma verdadeira mina de ci\u00eancia. <\/figcaption><\/figure>\n\n\n\n<p><\/p>\n<\/div>\n<\/div>\n\n\n\n<p><gwmw style=\"display:none;\"><\/gwmw><\/p>\n\n\n\n<p class=\"has-medium-font-size\"><strong><strong>| <\/strong>20 . 07 . 2024  &amp;  0<em>3 . 08 . 202<\/em>4 <strong>| <\/strong> Ci\u00eancia Viva em Rede: Mu\u00f5es C\u00f3smicos na Mina &#8211; Edi\u00e7\u00e3o 2024<\/strong><\/p>\n\n\n\n<div class=\"wp-block-columns is-layout-flex wp-container-core-columns-is-layout-9d6595d7 wp-block-columns-is-layout-flex\">\n<div class=\"wp-block-column is-layout-flow wp-block-column-is-layout-flow\">\n<figure class=\"wp-block-image size-large\"><img decoding=\"async\" width=\"1024\" height=\"1024\" src=\"https:\/\/pages.lip.pt\/loumu\/wp-content\/uploads\/sites\/7\/2024\/08\/20240803_132205_0-1024x1024.jpg\" alt=\"\" class=\"wp-image-1491\" srcset=\"https:\/\/pages.lip.pt\/loumu\/wp-content\/uploads\/sites\/7\/2024\/08\/20240803_132205_0-1024x1024.jpg 1024w, https:\/\/pages.lip.pt\/loumu\/wp-content\/uploads\/sites\/7\/2024\/08\/20240803_132205_0-300x300.jpg 300w, https:\/\/pages.lip.pt\/loumu\/wp-content\/uploads\/sites\/7\/2024\/08\/20240803_132205_0-150x150.jpg 150w, https:\/\/pages.lip.pt\/loumu\/wp-content\/uploads\/sites\/7\/2024\/08\/20240803_132205_0-768x768.jpg 768w, https:\/\/pages.lip.pt\/loumu\/wp-content\/uploads\/sites\/7\/2024\/08\/20240803_132205_0-1536x1536.jpg 1536w, https:\/\/pages.lip.pt\/loumu\/wp-content\/uploads\/sites\/7\/2024\/08\/20240803_132205_0-100x100.jpg 100w, https:\/\/pages.lip.pt\/loumu\/wp-content\/uploads\/sites\/7\/2024\/08\/20240803_132205_0.jpg 1895w\" sizes=\"(max-width: 767px) 89vw, (max-width: 1000px) 54vw, (max-width: 1071px) 543px, 580px\" \/><figcaption class=\"wp-element-caption\">A atividade de ver\u00e3o sobre muografia no Centro Ci\u00eancia Viva do Lousal contou com a apresenta\u00e7\u00e3o dos novos resultados, conseguidos pelo projeto no estudo muogr\u00e1fico e geof\u00edsico da \u00e1rea do estudo. O telesc\u00f3pio de mu\u00f5es continua a ser motivo de grande interesse.<\/figcaption><\/figure>\n<\/div>\n\n\n\n<div class=\"wp-block-column is-layout-flow wp-block-column-is-layout-flow\">\n<figure class=\"wp-block-image size-large\"><img loading=\"lazy\" decoding=\"async\" width=\"1024\" height=\"1024\" src=\"https:\/\/pages.lip.pt\/loumu\/wp-content\/uploads\/sites\/7\/2024\/08\/20240720_125211_0-1024x1024.jpg\" alt=\"\" class=\"wp-image-1492\" srcset=\"https:\/\/pages.lip.pt\/loumu\/wp-content\/uploads\/sites\/7\/2024\/08\/20240720_125211_0-1024x1024.jpg 1024w, https:\/\/pages.lip.pt\/loumu\/wp-content\/uploads\/sites\/7\/2024\/08\/20240720_125211_0-300x300.jpg 300w, https:\/\/pages.lip.pt\/loumu\/wp-content\/uploads\/sites\/7\/2024\/08\/20240720_125211_0-150x150.jpg 150w, https:\/\/pages.lip.pt\/loumu\/wp-content\/uploads\/sites\/7\/2024\/08\/20240720_125211_0-768x768.jpg 768w, https:\/\/pages.lip.pt\/loumu\/wp-content\/uploads\/sites\/7\/2024\/08\/20240720_125211_0-1536x1536.jpg 1536w, https:\/\/pages.lip.pt\/loumu\/wp-content\/uploads\/sites\/7\/2024\/08\/20240720_125211_0-100x100.jpg 100w, https:\/\/pages.lip.pt\/loumu\/wp-content\/uploads\/sites\/7\/2024\/08\/20240720_125211_0.jpg 2004w\" sizes=\"(max-width: 767px) 89vw, (max-width: 1000px) 54vw, (max-width: 1071px) 543px, 580px\" \/><figcaption class=\"wp-element-caption\">Nesta edi\u00e7\u00e3o de 2024 houve algumas adi\u00e7\u00f5es na visita \u00e0 galeria. Os visitantes puderam conhecer mais um pouco sobre a geologia e as falhas geol\u00f3gicos observadas no interior da mina. Havendo espa\u00e7o para responder a todas as curiosidades.<\/figcaption><\/figure>\n\n\n\n<p><gwmw style=\"display:none;\"><\/gwmw><\/p>\n<\/div>\n<\/div>\n\n\n\n<p><\/p>\n\n\n\n<p class=\"has-medium-font-size\"><strong><strong>| <\/strong>06<em> . 08 . 2023<\/em> <strong>| <\/strong> Ci\u00eancia Viva em Rede: Mu\u00f5es C\u00f3smicos na Mina &#8211; Edi\u00e7\u00e3o 2023<\/strong><\/p>\n\n\n\n<div class=\"wp-block-columns is-layout-flex wp-container-core-columns-is-layout-9d6595d7 wp-block-columns-is-layout-flex\">\n<div class=\"wp-block-column is-layout-flow wp-block-column-is-layout-flow\">\n<figure class=\"wp-block-image size-large\"><img loading=\"lazy\" decoding=\"async\" width=\"1024\" height=\"1024\" src=\"https:\/\/pages.lip.pt\/loumu\/wp-content\/uploads\/sites\/7\/2023\/08\/5-1024x1024.jpg\" alt=\"\" class=\"wp-image-1452\" srcset=\"https:\/\/pages.lip.pt\/loumu\/wp-content\/uploads\/sites\/7\/2023\/08\/5-1024x1024.jpg 1024w, https:\/\/pages.lip.pt\/loumu\/wp-content\/uploads\/sites\/7\/2023\/08\/5-300x300.jpg 300w, https:\/\/pages.lip.pt\/loumu\/wp-content\/uploads\/sites\/7\/2023\/08\/5-150x150.jpg 150w, https:\/\/pages.lip.pt\/loumu\/wp-content\/uploads\/sites\/7\/2023\/08\/5-768x768.jpg 768w, https:\/\/pages.lip.pt\/loumu\/wp-content\/uploads\/sites\/7\/2023\/08\/5-1536x1536.jpg 1536w, https:\/\/pages.lip.pt\/loumu\/wp-content\/uploads\/sites\/7\/2023\/08\/5-2048x2048.jpg 2048w, https:\/\/pages.lip.pt\/loumu\/wp-content\/uploads\/sites\/7\/2023\/08\/5-100x100.jpg 100w\" sizes=\"(max-width: 767px) 89vw, (max-width: 1000px) 54vw, (max-width: 1071px) 543px, 580px\" \/><figcaption class=\"wp-element-caption\">A mais recente atividade com p\u00fablico no Lousal contou com uma apresenta\u00e7\u00e3o sobre a muografia, no audit\u00f3rio do Centro, e uma visita \u00e0 galeria. A primeira paragem foi para conhecer o prot\u00f3tipo MiniMu, pr\u00f3ximo ao po\u00e7o da galeria.<\/figcaption><\/figure>\n<\/div>\n\n\n\n<div class=\"wp-block-column is-layout-flow wp-block-column-is-layout-flow\">\n<figure class=\"wp-block-image size-large\"><img loading=\"lazy\" decoding=\"async\" width=\"1024\" height=\"1024\" src=\"https:\/\/pages.lip.pt\/loumu\/wp-content\/uploads\/sites\/7\/2023\/08\/2-1024x1024.jpg\" alt=\"\" class=\"wp-image-1453\" srcset=\"https:\/\/pages.lip.pt\/loumu\/wp-content\/uploads\/sites\/7\/2023\/08\/2-1024x1024.jpg 1024w, https:\/\/pages.lip.pt\/loumu\/wp-content\/uploads\/sites\/7\/2023\/08\/2-300x300.jpg 300w, https:\/\/pages.lip.pt\/loumu\/wp-content\/uploads\/sites\/7\/2023\/08\/2-150x150.jpg 150w, https:\/\/pages.lip.pt\/loumu\/wp-content\/uploads\/sites\/7\/2023\/08\/2-768x768.jpg 768w, https:\/\/pages.lip.pt\/loumu\/wp-content\/uploads\/sites\/7\/2023\/08\/2-1536x1536.jpg 1536w, https:\/\/pages.lip.pt\/loumu\/wp-content\/uploads\/sites\/7\/2023\/08\/2-2048x2048.jpg 2048w, https:\/\/pages.lip.pt\/loumu\/wp-content\/uploads\/sites\/7\/2023\/08\/2-100x100.jpg 100w\" sizes=\"(max-width: 767px) 89vw, (max-width: 1000px) 54vw, (max-width: 1071px) 543px, 580px\" \/><figcaption class=\"wp-element-caption\">A visita finalizou no paiol 4 da galeria, o junto do telesc\u00f3pio de mu\u00f5es CorePix, a muografar o terreno acima. Ao longo da atividade, os vistantes puderam conhecer mais sobre o trabalho geof\u00edsico e o trabalho de muografia envolvidos no projeto.<\/figcaption><\/figure>\n\n\n\n<p><\/p>\n<\/div>\n<\/div>\n\n\n\n<p class=\"has-medium-font-size\"><strong><strong>| <\/strong><em>06 . 03 . 202<\/em>3  <strong>| <\/strong> Campanha Geof\u00edsica de Tomograf\u00eda S\u00edsmica<\/strong><\/p>\n\n\n\n<div class=\"wp-block-columns is-layout-flex wp-container-core-columns-is-layout-9d6595d7 wp-block-columns-is-layout-flex\">\n<div class=\"wp-block-column is-layout-flow wp-block-column-is-layout-flow\">\n<div class=\"wp-block-columns is-layout-flex wp-container-core-columns-is-layout-9d6595d7 wp-block-columns-is-layout-flex\">\n<div class=\"wp-block-column is-layout-flow wp-block-column-is-layout-flow\">\n<figure class=\"wp-block-image size-large\"><img loading=\"lazy\" decoding=\"async\" width=\"1024\" height=\"1024\" src=\"https:\/\/pages.lip.pt\/loumu\/wp-content\/uploads\/sites\/7\/2023\/05\/P_20230306_112935_vHDR_Auto3-1024x1024.jpg\" alt=\"\" class=\"wp-image-1420\" srcset=\"https:\/\/pages.lip.pt\/loumu\/wp-content\/uploads\/sites\/7\/2023\/05\/P_20230306_112935_vHDR_Auto3-1024x1024.jpg 1024w, https:\/\/pages.lip.pt\/loumu\/wp-content\/uploads\/sites\/7\/2023\/05\/P_20230306_112935_vHDR_Auto3-300x300.jpg 300w, https:\/\/pages.lip.pt\/loumu\/wp-content\/uploads\/sites\/7\/2023\/05\/P_20230306_112935_vHDR_Auto3-150x150.jpg 150w, https:\/\/pages.lip.pt\/loumu\/wp-content\/uploads\/sites\/7\/2023\/05\/P_20230306_112935_vHDR_Auto3-768x768.jpg 768w, https:\/\/pages.lip.pt\/loumu\/wp-content\/uploads\/sites\/7\/2023\/05\/P_20230306_112935_vHDR_Auto3-1536x1536.jpg 1536w, https:\/\/pages.lip.pt\/loumu\/wp-content\/uploads\/sites\/7\/2023\/05\/P_20230306_112935_vHDR_Auto3-2048x2048.jpg 2048w, https:\/\/pages.lip.pt\/loumu\/wp-content\/uploads\/sites\/7\/2023\/05\/P_20230306_112935_vHDR_Auto3-100x100.jpg 100w\" sizes=\"(max-width: 767px) 89vw, (max-width: 1000px) 54vw, (max-width: 1071px) 543px, 580px\" \/><figcaption class=\"wp-element-caption\">Ao longo de 3 dias foi realizada uma campanha para fazer uma tomografia s\u00edsmica do terreno por cima do paiol onde est\u00e1 o telesc\u00f3pio. Dentro do paiol e em alguns metros na galeria, foram instalados geofones que ficaram a ouvir as ondas s\u00edsmicas produzidas \u00e0 superf\u00edcie por batidas com um grande martelo. <\/figcaption><\/figure>\n<\/div>\n\n\n\n<div class=\"wp-block-column is-layout-flow wp-block-column-is-layout-flow\">\n<figure class=\"wp-block-image size-large\"><img loading=\"lazy\" decoding=\"async\" width=\"1024\" height=\"1024\" src=\"https:\/\/pages.lip.pt\/loumu\/wp-content\/uploads\/sites\/7\/2023\/05\/P_20230313_133610_vHDR_Auto_HP2-1024x1024.jpg\" alt=\"\" class=\"wp-image-1421\" srcset=\"https:\/\/pages.lip.pt\/loumu\/wp-content\/uploads\/sites\/7\/2023\/05\/P_20230313_133610_vHDR_Auto_HP2-1024x1024.jpg 1024w, https:\/\/pages.lip.pt\/loumu\/wp-content\/uploads\/sites\/7\/2023\/05\/P_20230313_133610_vHDR_Auto_HP2-300x300.jpg 300w, https:\/\/pages.lip.pt\/loumu\/wp-content\/uploads\/sites\/7\/2023\/05\/P_20230313_133610_vHDR_Auto_HP2-150x150.jpg 150w, https:\/\/pages.lip.pt\/loumu\/wp-content\/uploads\/sites\/7\/2023\/05\/P_20230313_133610_vHDR_Auto_HP2-768x768.jpg 768w, https:\/\/pages.lip.pt\/loumu\/wp-content\/uploads\/sites\/7\/2023\/05\/P_20230313_133610_vHDR_Auto_HP2-1536x1536.jpg 1536w, https:\/\/pages.lip.pt\/loumu\/wp-content\/uploads\/sites\/7\/2023\/05\/P_20230313_133610_vHDR_Auto_HP2-2048x2048.jpg 2048w, https:\/\/pages.lip.pt\/loumu\/wp-content\/uploads\/sites\/7\/2023\/05\/P_20230313_133610_vHDR_Auto_HP2-100x100.jpg 100w\" sizes=\"(max-width: 767px) 89vw, (max-width: 1000px) 54vw, (max-width: 1071px) 543px, 580px\" \/><figcaption class=\"wp-element-caption\">\u00c0 superf\u00edcie, as batidas do martelo eram executadas sobre uma placa met\u00e1lica, colocada no ch\u00e3o, para dissipar a onda de choque pelo terreno. Todo este processo das batidas repetiu-se em dezenas de pontos, com espa\u00e7amentos regulares, numa \u00e1rea de 45 por 45 metros. O registo da propaga\u00e7\u00e3o das ondas s\u00edsmicas ir\u00e1 permitir criar uma tomografia s\u00edsmica (3D) da \u00e1rea estudada.<\/figcaption><\/figure>\n<\/div>\n<\/div>\n<\/div>\n<\/div>\n\n\n\n<p class=\"has-medium-font-size\"><strong><strong>| <\/strong><em>17 . 02 . 202<\/em>3 <strong>| <\/strong> Manuten\u00e7\u00e3o do CorePix e Observa\u00e7\u00e3o das Falhas Geol\u00f3gicas<\/strong><\/p>\n\n\n\n<div class=\"wp-block-columns is-layout-flex wp-container-core-columns-is-layout-9d6595d7 wp-block-columns-is-layout-flex\">\n<div class=\"wp-block-column is-layout-flow wp-block-column-is-layout-flow\">\n<figure class=\"wp-block-image size-large\"><img loading=\"lazy\" decoding=\"async\" width=\"1024\" height=\"1024\" src=\"https:\/\/pages.lip.pt\/loumu\/wp-content\/uploads\/sites\/7\/2023\/05\/P1011687_2-1-1024x1024.jpg\" alt=\"\" class=\"wp-image-1434\" srcset=\"https:\/\/pages.lip.pt\/loumu\/wp-content\/uploads\/sites\/7\/2023\/05\/P1011687_2-1-1024x1024.jpg 1024w, https:\/\/pages.lip.pt\/loumu\/wp-content\/uploads\/sites\/7\/2023\/05\/P1011687_2-1-300x300.jpg 300w, https:\/\/pages.lip.pt\/loumu\/wp-content\/uploads\/sites\/7\/2023\/05\/P1011687_2-1-150x150.jpg 150w, https:\/\/pages.lip.pt\/loumu\/wp-content\/uploads\/sites\/7\/2023\/05\/P1011687_2-1-768x768.jpg 768w, https:\/\/pages.lip.pt\/loumu\/wp-content\/uploads\/sites\/7\/2023\/05\/P1011687_2-1-1536x1536.jpg 1536w, https:\/\/pages.lip.pt\/loumu\/wp-content\/uploads\/sites\/7\/2023\/05\/P1011687_2-1-2048x2048.jpg 2048w, https:\/\/pages.lip.pt\/loumu\/wp-content\/uploads\/sites\/7\/2023\/05\/P1011687_2-1-100x100.jpg 100w\" sizes=\"(max-width: 767px) 89vw, (max-width: 1000px) 54vw, (max-width: 1071px) 543px, 580px\" \/><figcaption class=\"wp-element-caption\">A equipa de f\u00edsica de part\u00edculas e instrumenta\u00e7\u00e3o deslocou-se at\u00e9 \u00e0 mina para fazer uma manuten\u00e7\u00e3o dos tubos de alimenta\u00e7\u00e3o de g\u00e1s do telesc\u00f3pio de mu\u00f5es. O g\u00e1s chega ao CorePix desde uma garrafa no exterior da mina, por tubos suspensos na parede da galeria.<\/figcaption><\/figure>\n<\/div>\n\n\n\n<div class=\"wp-block-column is-layout-flow wp-block-column-is-layout-flow\">\n<figure class=\"wp-block-image size-large\"><img loading=\"lazy\" decoding=\"async\" width=\"1024\" height=\"1024\" src=\"https:\/\/pages.lip.pt\/loumu\/wp-content\/uploads\/sites\/7\/2023\/05\/P_20211118_112117_vHDR_On_HP_2-1-1024x1024.jpg\" alt=\"\" class=\"wp-image-1435\" srcset=\"https:\/\/pages.lip.pt\/loumu\/wp-content\/uploads\/sites\/7\/2023\/05\/P_20211118_112117_vHDR_On_HP_2-1-1024x1024.jpg 1024w, https:\/\/pages.lip.pt\/loumu\/wp-content\/uploads\/sites\/7\/2023\/05\/P_20211118_112117_vHDR_On_HP_2-1-300x300.jpg 300w, https:\/\/pages.lip.pt\/loumu\/wp-content\/uploads\/sites\/7\/2023\/05\/P_20211118_112117_vHDR_On_HP_2-1-150x150.jpg 150w, https:\/\/pages.lip.pt\/loumu\/wp-content\/uploads\/sites\/7\/2023\/05\/P_20211118_112117_vHDR_On_HP_2-1-768x768.jpg 768w, https:\/\/pages.lip.pt\/loumu\/wp-content\/uploads\/sites\/7\/2023\/05\/P_20211118_112117_vHDR_On_HP_2-1-1536x1536.jpg 1536w, https:\/\/pages.lip.pt\/loumu\/wp-content\/uploads\/sites\/7\/2023\/05\/P_20211118_112117_vHDR_On_HP_2-1-2048x2048.jpg 2048w, https:\/\/pages.lip.pt\/loumu\/wp-content\/uploads\/sites\/7\/2023\/05\/P_20211118_112117_vHDR_On_HP_2-1-100x100.jpg 100w\" sizes=\"(max-width: 767px) 89vw, (max-width: 1000px) 54vw, (max-width: 1071px) 543px, 580px\" \/><figcaption class=\"wp-element-caption\">E alguns membros da equipa de geologia e geof\u00edsica aproveitaram para confrontar e confirmar a informa\u00e7\u00e3o geol\u00f3gica obtida do reconhecimento geof\u00edsico com as estruturas geol\u00f3gicas que se podem observar na galeria. <\/figcaption><\/figure>\n\n\n\n<p><\/p>\n<\/div>\n<\/div>\n\n\n\n<p class=\"has-medium-font-size\"><strong><strong>| <\/strong><em>23\/30<\/em><em> . 07 . 2022<\/em> <strong>| <\/strong> Ci\u00eancia Viva em Rede: Mu\u00f5es C\u00f3smicos na Mina &#8211; Edi\u00e7\u00e3o 2022<\/strong> <\/p>\n\n\n\n<div class=\"wp-block-columns is-layout-flex wp-container-core-columns-is-layout-9d6595d7 wp-block-columns-is-layout-flex\">\n<div class=\"wp-block-column is-layout-flow wp-block-column-is-layout-flow\">\n<figure class=\"wp-block-image size-large\"><img loading=\"lazy\" decoding=\"async\" width=\"1024\" height=\"1024\" src=\"https:\/\/pages.lip.pt\/loumu\/wp-content\/uploads\/sites\/7\/2023\/02\/DSC01736_2-1024x1024.jpg\" alt=\"\" class=\"wp-image-1274\" srcset=\"https:\/\/pages.lip.pt\/loumu\/wp-content\/uploads\/sites\/7\/2023\/02\/DSC01736_2-1024x1024.jpg 1024w, https:\/\/pages.lip.pt\/loumu\/wp-content\/uploads\/sites\/7\/2023\/02\/DSC01736_2-300x300.jpg 300w, https:\/\/pages.lip.pt\/loumu\/wp-content\/uploads\/sites\/7\/2023\/02\/DSC01736_2-150x150.jpg 150w, https:\/\/pages.lip.pt\/loumu\/wp-content\/uploads\/sites\/7\/2023\/02\/DSC01736_2-768x768.jpg 768w, https:\/\/pages.lip.pt\/loumu\/wp-content\/uploads\/sites\/7\/2023\/02\/DSC01736_2-1536x1536.jpg 1536w, https:\/\/pages.lip.pt\/loumu\/wp-content\/uploads\/sites\/7\/2023\/02\/DSC01736_2-100x100.jpg 100w, https:\/\/pages.lip.pt\/loumu\/wp-content\/uploads\/sites\/7\/2023\/02\/DSC01736_2.jpg 2000w\" sizes=\"(max-width: 767px) 89vw, (max-width: 1000px) 54vw, (max-width: 1071px) 543px, 580px\" \/><figcaption class=\"wp-element-caption\">A atividade come\u00e7ou com uma palestra sobre a tecnica de muografia, seguida pela visita \u00e0 mina.<\/figcaption><\/figure>\n<\/div>\n\n\n\n<div class=\"wp-block-column is-layout-flow wp-block-column-is-layout-flow\">\n<figure class=\"wp-block-image size-large\"><img loading=\"lazy\" decoding=\"async\" width=\"1024\" height=\"1024\" src=\"https:\/\/pages.lip.pt\/loumu\/wp-content\/uploads\/sites\/7\/2023\/02\/DSC01751_2-1024x1024.jpg\" alt=\"\" class=\"wp-image-1275\" srcset=\"https:\/\/pages.lip.pt\/loumu\/wp-content\/uploads\/sites\/7\/2023\/02\/DSC01751_2-1024x1024.jpg 1024w, https:\/\/pages.lip.pt\/loumu\/wp-content\/uploads\/sites\/7\/2023\/02\/DSC01751_2-300x300.jpg 300w, https:\/\/pages.lip.pt\/loumu\/wp-content\/uploads\/sites\/7\/2023\/02\/DSC01751_2-150x150.jpg 150w, https:\/\/pages.lip.pt\/loumu\/wp-content\/uploads\/sites\/7\/2023\/02\/DSC01751_2-768x768.jpg 768w, https:\/\/pages.lip.pt\/loumu\/wp-content\/uploads\/sites\/7\/2023\/02\/DSC01751_2-100x100.jpg 100w, https:\/\/pages.lip.pt\/loumu\/wp-content\/uploads\/sites\/7\/2023\/02\/DSC01751_2.jpg 1365w\" sizes=\"(max-width: 767px) 89vw, (max-width: 1000px) 54vw, (max-width: 1071px) 543px, 580px\" \/><figcaption class=\"wp-element-caption\">Na mina, a visita \u00e9 dedicada a aprender sobre o trabalho geof\u00edsico realizado no LouMu e a conhecer o telesc\u00f3pio de mu\u00f5es CorePix. <\/figcaption><\/figure>\n\n\n\n<p><\/p>\n<\/div>\n<\/div>\n\n\n\n<p class=\"has-medium-font-size\"><strong>| 20 . 05 . 2022 |  Campanha Geof\u00edsica e Digitaliza\u00e7\u00e3o da Mina<\/strong><\/p>\n\n\n\n<div class=\"wp-block-columns is-layout-flex wp-container-core-columns-is-layout-9d6595d7 wp-block-columns-is-layout-flex\">\n<div class=\"wp-block-column is-layout-flow wp-block-column-is-layout-flow\">\n<figure class=\"wp-block-image size-large\"><img loading=\"lazy\" decoding=\"async\" width=\"961\" height=\"1024\" src=\"https:\/\/pages.lip.pt\/loumu\/wp-content\/uploads\/sites\/7\/2022\/05\/gprcut_page_png-961x1024.png\" alt=\"\" class=\"wp-image-1256\" srcset=\"https:\/\/pages.lip.pt\/loumu\/wp-content\/uploads\/sites\/7\/2022\/05\/gprcut_page_png-961x1024.png 961w, https:\/\/pages.lip.pt\/loumu\/wp-content\/uploads\/sites\/7\/2022\/05\/gprcut_page_png-281x300.png 281w, https:\/\/pages.lip.pt\/loumu\/wp-content\/uploads\/sites\/7\/2022\/05\/gprcut_page_png-768x819.png 768w, https:\/\/pages.lip.pt\/loumu\/wp-content\/uploads\/sites\/7\/2022\/05\/gprcut_page_png.png 1318w\" sizes=\"(max-width: 767px) 89vw, (max-width: 1000px) 54vw, (max-width: 1071px) 543px, 580px\" \/><figcaption class=\"wp-element-caption\">Durante 3 dias procedeu-se a um reconhecimento da superf\u00edcie acima da mina com alguns m\u00e9todos geof\u00edsicos, nomeadamente radar de penetra\u00e7\u00e3o no solo, s\u00edsmica de refra\u00e7\u00e3o e fotogrametria. <\/figcaption><\/figure>\n<\/div>\n\n\n\n<div class=\"wp-block-column is-layout-flow wp-block-column-is-layout-flow\">\n<figure class=\"wp-block-image size-large\"><img loading=\"lazy\" decoding=\"async\" width=\"957\" height=\"1024\" src=\"https:\/\/pages.lip.pt\/loumu\/wp-content\/uploads\/sites\/7\/2022\/05\/minimu_page_png-1-957x1024.png\" alt=\"\" class=\"wp-image-1257\" srcset=\"https:\/\/pages.lip.pt\/loumu\/wp-content\/uploads\/sites\/7\/2022\/05\/minimu_page_png-1-957x1024.png 957w, https:\/\/pages.lip.pt\/loumu\/wp-content\/uploads\/sites\/7\/2022\/05\/minimu_page_png-1-280x300.png 280w, https:\/\/pages.lip.pt\/loumu\/wp-content\/uploads\/sites\/7\/2022\/05\/minimu_page_png-1-768x821.png 768w, https:\/\/pages.lip.pt\/loumu\/wp-content\/uploads\/sites\/7\/2022\/05\/minimu_page_png-1.png 1136w\" sizes=\"(max-width: 767px) 89vw, (max-width: 1000px) 54vw, (max-width: 1071px) 543px, 580px\" \/><figcaption class=\"wp-element-caption\">Usando um lidar terrestre, toda da Galeria Waldemar foi digitalizada de modo a criar um modelo digital de toda a sua exten\u00e7\u00e3o.<\/figcaption><\/figure>\n<\/div>\n<\/div>\n\n\n\n<p class=\"has-medium-font-size\"><strong><strong>| <\/strong><em>26 . 04 . 2022<\/em> <strong>| <\/strong> Telesc\u00f3pio CorePix Instalado na Mina do Lousal<\/strong><\/p>\n\n\n\n<div class=\"wp-block-group\"><div class=\"wp-block-group__inner-container is-layout-flow wp-block-group-is-layout-flow\">\n<div class=\"wp-block-columns is-layout-flex wp-container-core-columns-is-layout-9d6595d7 wp-block-columns-is-layout-flex\">\n<div class=\"wp-block-column is-layout-flow wp-block-column-is-layout-flow\">\n<figure class=\"wp-block-image size-large\"><img loading=\"lazy\" decoding=\"async\" width=\"909\" height=\"1024\" src=\"https:\/\/pages.lip.pt\/loumu\/wp-content\/uploads\/sites\/7\/2022\/05\/corecut1_page_png-909x1024.png\" alt=\"\" class=\"wp-image-1251\" srcset=\"https:\/\/pages.lip.pt\/loumu\/wp-content\/uploads\/sites\/7\/2022\/05\/corecut1_page_png-909x1024.png 909w, https:\/\/pages.lip.pt\/loumu\/wp-content\/uploads\/sites\/7\/2022\/05\/corecut1_page_png-266x300.png 266w, https:\/\/pages.lip.pt\/loumu\/wp-content\/uploads\/sites\/7\/2022\/05\/corecut1_page_png-768x865.png 768w, https:\/\/pages.lip.pt\/loumu\/wp-content\/uploads\/sites\/7\/2022\/05\/corecut1_page_png.png 1041w\" sizes=\"(max-width: 767px) 89vw, (max-width: 1000px) 54vw, (max-width: 1071px) 543px, 580px\" \/><figcaption class=\"wp-element-caption\">O telesc\u00f3pio de mu\u00f5es CorePix foi trazido do laborat\u00f3rio de detetores de Coimbra para Mina do Lousal.<\/figcaption><\/figure>\n<\/div>\n\n\n\n<div class=\"wp-block-column is-layout-flow wp-block-column-is-layout-flow\">\n<figure class=\"wp-block-image size-large\"><img loading=\"lazy\" decoding=\"async\" width=\"914\" height=\"1024\" src=\"https:\/\/pages.lip.pt\/loumu\/wp-content\/uploads\/sites\/7\/2022\/05\/corepix_cutpage_png2-1-914x1024.png\" alt=\"\" class=\"wp-image-1254\" srcset=\"https:\/\/pages.lip.pt\/loumu\/wp-content\/uploads\/sites\/7\/2022\/05\/corepix_cutpage_png2-1-914x1024.png 914w, https:\/\/pages.lip.pt\/loumu\/wp-content\/uploads\/sites\/7\/2022\/05\/corepix_cutpage_png2-1-268x300.png 268w, https:\/\/pages.lip.pt\/loumu\/wp-content\/uploads\/sites\/7\/2022\/05\/corepix_cutpage_png2-1-768x860.png 768w, https:\/\/pages.lip.pt\/loumu\/wp-content\/uploads\/sites\/7\/2022\/05\/corepix_cutpage_png2-1.png 1189w\" sizes=\"(max-width: 767px) 89vw, (max-width: 1000px) 54vw, (max-width: 1071px) 543px, 580px\" \/><figcaption class=\"wp-element-caption\">Foi instalado no interior de um dos paiois da galeria onde ficar\u00e1 a detetar os mu\u00f5es que atravessam o terreno acima da mina. <\/figcaption><\/figure>\n<\/div>\n<\/div>\n<\/div><\/div>\n\n\n\n<div class=\"wp-block-group\"><div class=\"wp-block-group__inner-container is-layout-flow wp-block-group-is-layout-flow\">\n<p class=\"has-medium-font-size\"><strong><strong>| <\/strong><em>18 . 11 . 2021<\/em> <strong>| <\/strong> Campanha de Reconhecimento Geol\u00f3gico<\/strong><\/p>\n\n\n\n<div class=\"wp-block-columns is-layout-flex wp-container-core-columns-is-layout-9d6595d7 wp-block-columns-is-layout-flex\">\n<div class=\"wp-block-column is-layout-flow wp-block-column-is-layout-flow\">\n<figure class=\"wp-block-image size-large\"><img loading=\"lazy\" decoding=\"async\" width=\"935\" height=\"1024\" src=\"https:\/\/pages.lip.pt\/loumu\/wp-content\/uploads\/sites\/7\/2021\/11\/P_20211118_122825_vHDR_On_HP-1-935x1024.jpg\" alt=\"\" class=\"wp-image-1157\" srcset=\"https:\/\/pages.lip.pt\/loumu\/wp-content\/uploads\/sites\/7\/2021\/11\/P_20211118_122825_vHDR_On_HP-1-935x1024.jpg 935w, https:\/\/pages.lip.pt\/loumu\/wp-content\/uploads\/sites\/7\/2021\/11\/P_20211118_122825_vHDR_On_HP-1-274x300.jpg 274w, https:\/\/pages.lip.pt\/loumu\/wp-content\/uploads\/sites\/7\/2021\/11\/P_20211118_122825_vHDR_On_HP-1-768x841.jpg 768w, https:\/\/pages.lip.pt\/loumu\/wp-content\/uploads\/sites\/7\/2021\/11\/P_20211118_122825_vHDR_On_HP-1-1402x1536.jpg 1402w, https:\/\/pages.lip.pt\/loumu\/wp-content\/uploads\/sites\/7\/2021\/11\/P_20211118_122825_vHDR_On_HP-1-1869x2048.jpg 1869w\" sizes=\"(max-width: 767px) 89vw, (max-width: 1000px) 54vw, (max-width: 1071px) 543px, 580px\" \/><figcaption class=\"wp-element-caption\">A equipa de geof\u00edsica e geologia reuniu no Lousal para um reconhecimento geol\u00f3gico, incluindo a recolha de amostras do local.<\/figcaption><\/figure>\n<\/div>\n\n\n\n<div class=\"wp-block-column is-layout-flow wp-block-column-is-layout-flow\">\n<figure class=\"wp-block-image size-large\"><img loading=\"lazy\" decoding=\"async\" width=\"932\" height=\"1024\" src=\"https:\/\/pages.lip.pt\/loumu\/wp-content\/uploads\/sites\/7\/2021\/11\/P_20211118_151532_vHDR_On_HP-5-932x1024.jpg\" alt=\"\" class=\"wp-image-1161\" srcset=\"https:\/\/pages.lip.pt\/loumu\/wp-content\/uploads\/sites\/7\/2021\/11\/P_20211118_151532_vHDR_On_HP-5-932x1024.jpg 932w, https:\/\/pages.lip.pt\/loumu\/wp-content\/uploads\/sites\/7\/2021\/11\/P_20211118_151532_vHDR_On_HP-5-273x300.jpg 273w, https:\/\/pages.lip.pt\/loumu\/wp-content\/uploads\/sites\/7\/2021\/11\/P_20211118_151532_vHDR_On_HP-5-768x844.jpg 768w, https:\/\/pages.lip.pt\/loumu\/wp-content\/uploads\/sites\/7\/2021\/11\/P_20211118_151532_vHDR_On_HP-5-1397x1536.jpg 1397w, https:\/\/pages.lip.pt\/loumu\/wp-content\/uploads\/sites\/7\/2021\/11\/P_20211118_151532_vHDR_On_HP-5-1863x2048.jpg 1863w\" sizes=\"(max-width: 767px) 89vw, (max-width: 1000px) 54vw, (max-width: 1071px) 543px, 580px\" \/><figcaption class=\"wp-element-caption\">A superf\u00edcie do terreno por cima da mina foi digitalizada com um drone e as entradas da galeria foram digitalizadas com um laser scanner.<\/figcaption><\/figure>\n<\/div>\n<\/div>\n<\/div><\/div>\n\n\n\n<p class=\"has-medium-font-size\"><strong><strong>| <\/strong><em>01 . 08 . 2021<\/em> <strong>| <\/strong> Ci\u00eancia Viva no Ver\u00e3o: Mu\u00f5es C\u00f3smicos na Mina &#8211; Edi\u00e7\u00e3o 2021<\/strong> <\/p>\n\n\n\n<div class=\"wp-block-columns is-layout-flex wp-container-core-columns-is-layout-9d6595d7 wp-block-columns-is-layout-flex\">\n<div class=\"wp-block-column is-layout-flow wp-block-column-is-layout-flow\">\n<figure class=\"wp-block-image size-large\"><img loading=\"lazy\" decoding=\"async\" width=\"1024\" height=\"961\" src=\"https:\/\/pages.lip.pt\/loumu\/wp-content\/uploads\/sites\/7\/2021\/10\/IMG-20210801-WA0029-2-1024x961.jpg\" alt=\"\" class=\"wp-image-262\" srcset=\"https:\/\/pages.lip.pt\/loumu\/wp-content\/uploads\/sites\/7\/2021\/10\/IMG-20210801-WA0029-2-1024x961.jpg 1024w, https:\/\/pages.lip.pt\/loumu\/wp-content\/uploads\/sites\/7\/2021\/10\/IMG-20210801-WA0029-2-300x282.jpg 300w, https:\/\/pages.lip.pt\/loumu\/wp-content\/uploads\/sites\/7\/2021\/10\/IMG-20210801-WA0029-2-768x721.jpg 768w, https:\/\/pages.lip.pt\/loumu\/wp-content\/uploads\/sites\/7\/2021\/10\/IMG-20210801-WA0029-2.jpg 1512w\" sizes=\"(max-width: 767px) 89vw, (max-width: 1000px) 54vw, (max-width: 1071px) 543px, 580px\" \/><figcaption class=\"wp-element-caption\">Incluiu palestras sobre muografia e detetores de part\u00edculas  e visita guiada ao interior da mina.<\/figcaption><\/figure>\n<\/div>\n\n\n\n<div class=\"wp-block-column is-layout-flow wp-block-column-is-layout-flow\">\n<figure class=\"wp-block-image size-large\"><img loading=\"lazy\" decoding=\"async\" width=\"1024\" height=\"900\" src=\"https:\/\/pages.lip.pt\/loumu\/wp-content\/uploads\/sites\/7\/2021\/10\/IMG_0057-2-1024x900.jpg\" alt=\"\" class=\"wp-image-251\" srcset=\"https:\/\/pages.lip.pt\/loumu\/wp-content\/uploads\/sites\/7\/2021\/10\/IMG_0057-2-1024x900.jpg 1024w, https:\/\/pages.lip.pt\/loumu\/wp-content\/uploads\/sites\/7\/2021\/10\/IMG_0057-2-300x264.jpg 300w, https:\/\/pages.lip.pt\/loumu\/wp-content\/uploads\/sites\/7\/2021\/10\/IMG_0057-2-768x675.jpg 768w, https:\/\/pages.lip.pt\/loumu\/wp-content\/uploads\/sites\/7\/2021\/10\/IMG_0057-2-1536x1351.jpg 1536w, https:\/\/pages.lip.pt\/loumu\/wp-content\/uploads\/sites\/7\/2021\/10\/IMG_0057-2-2048x1801.jpg 2048w\" sizes=\"(max-width: 767px) 89vw, (max-width: 1000px) 54vw, (max-width: 1071px) 543px, 580px\" \/><figcaption class=\"wp-element-caption\">A visita \u00e9 dedicada a conhecer o MiniMu e o trabalho geof\u00edsico no \u00e2mbito do LouMu.<\/figcaption><\/figure>\n\n\n\n<p><\/p>\n<\/div>\n<\/div>\n\n\n\n<p class=\"has-medium-font-size\"><strong>| <em>30 . 04 . 2021<\/em> | Posters de divulga\u00e7\u00e3o colocados no Centro e na Mina<\/strong><\/p>\n\n\n\n<div class=\"wp-block-columns is-layout-flex wp-container-core-columns-is-layout-9d6595d7 wp-block-columns-is-layout-flex\">\n<div class=\"wp-block-column is-layout-flow wp-block-column-is-layout-flow\">\n<figure class=\"wp-block-image size-large\"><img loading=\"lazy\" decoding=\"async\" width=\"1024\" height=\"818\" src=\"https:\/\/pages.lip.pt\/loumu\/wp-content\/uploads\/sites\/7\/2021\/10\/IMG-20210801-WA0019-2-1024x818.jpg\" alt=\"\" class=\"wp-image-497\" srcset=\"https:\/\/pages.lip.pt\/loumu\/wp-content\/uploads\/sites\/7\/2021\/10\/IMG-20210801-WA0019-2-1024x818.jpg 1024w, https:\/\/pages.lip.pt\/loumu\/wp-content\/uploads\/sites\/7\/2021\/10\/IMG-20210801-WA0019-2-300x240.jpg 300w, https:\/\/pages.lip.pt\/loumu\/wp-content\/uploads\/sites\/7\/2021\/10\/IMG-20210801-WA0019-2-768x613.jpg 768w, https:\/\/pages.lip.pt\/loumu\/wp-content\/uploads\/sites\/7\/2021\/10\/IMG-20210801-WA0019-2.jpg 1187w\" sizes=\"(max-width: 767px) 89vw, (max-width: 1000px) 54vw, (max-width: 1071px) 543px, 580px\" \/><figcaption class=\"wp-element-caption\"> Poster incorporado na entrada do Centro.  <\/figcaption><\/figure>\n<\/div>\n\n\n\n<div class=\"wp-block-column is-layout-flow wp-block-column-is-layout-flow\">\n<figure class=\"wp-block-image size-large\"><img loading=\"lazy\" decoding=\"async\" width=\"1024\" height=\"721\" src=\"https:\/\/pages.lip.pt\/loumu\/wp-content\/uploads\/sites\/7\/2021\/10\/P_20210801_162803_vHDR_Auto-2-1024x721.jpg\" alt=\"\" class=\"wp-image-498\" srcset=\"https:\/\/pages.lip.pt\/loumu\/wp-content\/uploads\/sites\/7\/2021\/10\/P_20210801_162803_vHDR_Auto-2-1024x721.jpg 1024w, https:\/\/pages.lip.pt\/loumu\/wp-content\/uploads\/sites\/7\/2021\/10\/P_20210801_162803_vHDR_Auto-2-300x211.jpg 300w, https:\/\/pages.lip.pt\/loumu\/wp-content\/uploads\/sites\/7\/2021\/10\/P_20210801_162803_vHDR_Auto-2-768x540.jpg 768w, https:\/\/pages.lip.pt\/loumu\/wp-content\/uploads\/sites\/7\/2021\/10\/P_20210801_162803_vHDR_Auto-2-1536x1081.jpg 1536w, https:\/\/pages.lip.pt\/loumu\/wp-content\/uploads\/sites\/7\/2021\/10\/P_20210801_162803_vHDR_Auto-2-2048x1441.jpg 2048w\" sizes=\"(max-width: 767px) 89vw, (max-width: 1000px) 54vw, (max-width: 1071px) 543px, 580px\" \/><figcaption class=\"wp-element-caption\"> Poster auxiliar \u00e0 visita do MiniMu, na Galeria Waldemar.<\/figcaption><\/figure>\n<\/div>\n<\/div>\n\n\n\n<p class=\"has-medium-font-size\"><strong>| <em>27 . 08 . 2019<\/em> |  Ci\u00eancia Viva no Ver\u00e3o: Mu\u00f5es C\u00f3smicos na Mina &#8211; Edi\u00e7\u00e3o 2019<\/strong><\/p>\n\n\n\n<div class=\"wp-block-columns is-layout-flex wp-container-core-columns-is-layout-9d6595d7 wp-block-columns-is-layout-flex\">\n<div class=\"wp-block-column is-layout-flow wp-block-column-is-layout-flow\">\n<figure class=\"wp-block-image size-large\"><img loading=\"lazy\" decoding=\"async\" width=\"1024\" height=\"708\" src=\"https:\/\/pages.lip.pt\/loumu\/wp-content\/uploads\/sites\/7\/2021\/10\/IMG_0602-2-1024x708.jpg\" alt=\"\" class=\"wp-image-263\" srcset=\"https:\/\/pages.lip.pt\/loumu\/wp-content\/uploads\/sites\/7\/2021\/10\/IMG_0602-2-1024x708.jpg 1024w, https:\/\/pages.lip.pt\/loumu\/wp-content\/uploads\/sites\/7\/2021\/10\/IMG_0602-2-300x207.jpg 300w, https:\/\/pages.lip.pt\/loumu\/wp-content\/uploads\/sites\/7\/2021\/10\/IMG_0602-2-768x531.jpg 768w, https:\/\/pages.lip.pt\/loumu\/wp-content\/uploads\/sites\/7\/2021\/10\/IMG_0602-2-1536x1062.jpg 1536w, https:\/\/pages.lip.pt\/loumu\/wp-content\/uploads\/sites\/7\/2021\/10\/IMG_0602-2.jpg 1856w\" sizes=\"(max-width: 767px) 89vw, (max-width: 1000px) 54vw, (max-width: 1071px) 543px, 580px\" \/><figcaption class=\"wp-element-caption\">Palestras e visitas \u00e0 mina dedicadas ao projecto de muografia.<\/figcaption><\/figure>\n<\/div>\n\n\n\n<div class=\"wp-block-column is-layout-flow wp-block-column-is-layout-flow\">\n<figure class=\"wp-block-image size-large\"><img loading=\"lazy\" decoding=\"async\" width=\"1024\" height=\"683\" src=\"https:\/\/pages.lip.pt\/loumu\/wp-content\/uploads\/sites\/7\/2021\/10\/IMG_0298-1-1024x683.jpg\" alt=\"\" class=\"wp-image-237\" srcset=\"https:\/\/pages.lip.pt\/loumu\/wp-content\/uploads\/sites\/7\/2021\/10\/IMG_0298-1-1024x683.jpg 1024w, https:\/\/pages.lip.pt\/loumu\/wp-content\/uploads\/sites\/7\/2021\/10\/IMG_0298-1-300x200.jpg 300w, https:\/\/pages.lip.pt\/loumu\/wp-content\/uploads\/sites\/7\/2021\/10\/IMG_0298-1-768x512.jpg 768w, https:\/\/pages.lip.pt\/loumu\/wp-content\/uploads\/sites\/7\/2021\/10\/IMG_0298-1-1536x1024.jpg 1536w, https:\/\/pages.lip.pt\/loumu\/wp-content\/uploads\/sites\/7\/2021\/10\/IMG_0298-1-2048x1365.jpg 2048w\" sizes=\"(max-width: 767px) 89vw, (max-width: 1000px) 54vw, (max-width: 1071px) 543px, 580px\" \/><figcaption class=\"wp-element-caption\">Forma\u00e7\u00e3o de professores no \u00e2mbito da Corrida a Marte no Lousal.<\/figcaption><\/figure>\n\n\n\n<p><\/p>\n<\/div>\n<\/div>\n\n\n\n<p class=\"has-medium-font-size\"> <strong>| <em>19 . 02 . 2019<\/em> |  Prot\u00f3tipo MiniMu<\/strong> <strong>instalado e visit\u00e1vel no Lousal<\/strong> <\/p>\n\n\n\n<div class=\"wp-block-columns is-layout-flex wp-container-core-columns-is-layout-9d6595d7 wp-block-columns-is-layout-flex\">\n<div class=\"wp-block-column is-layout-flow wp-block-column-is-layout-flow\">\n<figure class=\"wp-block-image size-large\"><img loading=\"lazy\" decoding=\"async\" width=\"1024\" height=\"683\" src=\"https:\/\/pages.lip.pt\/loumu\/wp-content\/uploads\/sites\/7\/2021\/10\/IMG_0601-1024x683.jpg\" alt=\"\" class=\"wp-image-239\" srcset=\"https:\/\/pages.lip.pt\/loumu\/wp-content\/uploads\/sites\/7\/2021\/10\/IMG_0601-1024x683.jpg 1024w, https:\/\/pages.lip.pt\/loumu\/wp-content\/uploads\/sites\/7\/2021\/10\/IMG_0601-300x200.jpg 300w, https:\/\/pages.lip.pt\/loumu\/wp-content\/uploads\/sites\/7\/2021\/10\/IMG_0601-768x512.jpg 768w, https:\/\/pages.lip.pt\/loumu\/wp-content\/uploads\/sites\/7\/2021\/10\/IMG_0601-1536x1024.jpg 1536w, https:\/\/pages.lip.pt\/loumu\/wp-content\/uploads\/sites\/7\/2021\/10\/IMG_0601-2048x1365.jpg 2048w\" sizes=\"(max-width: 767px) 89vw, (max-width: 1000px) 54vw, (max-width: 1071px) 543px, 580px\" \/><figcaption class=\"wp-element-caption\"> Instala\u00e7\u00e3o na Galeria Waldemar.<\/figcaption><\/figure>\n\n\n\n<p><\/p>\n<\/div>\n\n\n\n<div class=\"wp-block-column is-layout-flow wp-block-column-is-layout-flow\">\n<figure class=\"wp-block-image size-large\"><img loading=\"lazy\" decoding=\"async\" width=\"1024\" height=\"683\" src=\"https:\/\/pages.lip.pt\/loumu\/wp-content\/uploads\/sites\/7\/2021\/02\/IMG_0600-1024x683.jpg\" alt=\"\" class=\"wp-image-143\" srcset=\"https:\/\/pages.lip.pt\/loumu\/wp-content\/uploads\/sites\/7\/2021\/02\/IMG_0600-1024x683.jpg 1024w, https:\/\/pages.lip.pt\/loumu\/wp-content\/uploads\/sites\/7\/2021\/02\/IMG_0600-300x200.jpg 300w, https:\/\/pages.lip.pt\/loumu\/wp-content\/uploads\/sites\/7\/2021\/02\/IMG_0600-768x512.jpg 768w, https:\/\/pages.lip.pt\/loumu\/wp-content\/uploads\/sites\/7\/2021\/02\/IMG_0600-1536x1024.jpg 1536w, https:\/\/pages.lip.pt\/loumu\/wp-content\/uploads\/sites\/7\/2021\/02\/IMG_0600-2048x1365.jpg 2048w\" sizes=\"(max-width: 767px) 89vw, (max-width: 1000px) 54vw, (max-width: 1071px) 543px, 580px\" \/><figcaption class=\"wp-element-caption\">MiniMu em opera\u00e7\u00e3o na Galeria Waldemar.<\/figcaption><\/figure>\n\n\n\n<p><\/p>\n<\/div>\n<\/div>\n\n\n\n<p class=\"has-medium-font-size\"> <strong>| <em>26 . 07 . 2018<\/em> |<\/strong>&nbsp; <strong>Visita da equipa LouMu ao Lousal e \u00e0 Galeria Waldemar<\/strong><\/p>\n\n\n\n<div class=\"wp-block-columns is-layout-flex wp-container-core-columns-is-layout-9d6595d7 wp-block-columns-is-layout-flex\">\n<div class=\"wp-block-column is-layout-flow wp-block-column-is-layout-flow\">\n<figure class=\"wp-block-image size-large is-resized\"><img loading=\"lazy\" decoding=\"async\" width=\"1024\" height=\"768\" src=\"https:\/\/pages.lip.pt\/loumu\/wp-content\/uploads\/sites\/7\/2021\/10\/P_20180726_164345-1024x768.jpg\" alt=\"\" class=\"wp-image-254\" style=\"width:677px;height:506px\" srcset=\"https:\/\/pages.lip.pt\/loumu\/wp-content\/uploads\/sites\/7\/2021\/10\/P_20180726_164345-1024x768.jpg 1024w, https:\/\/pages.lip.pt\/loumu\/wp-content\/uploads\/sites\/7\/2021\/10\/P_20180726_164345-300x225.jpg 300w, https:\/\/pages.lip.pt\/loumu\/wp-content\/uploads\/sites\/7\/2021\/10\/P_20180726_164345-768x576.jpg 768w, https:\/\/pages.lip.pt\/loumu\/wp-content\/uploads\/sites\/7\/2021\/10\/P_20180726_164345-1536x1152.jpg 1536w, https:\/\/pages.lip.pt\/loumu\/wp-content\/uploads\/sites\/7\/2021\/10\/P_20180726_164345-2048x1536.jpg 2048w\" sizes=\"(max-width: 767px) 89vw, (max-width: 1000px) 54vw, (max-width: 1071px) 543px, 580px\" \/><figcaption class=\"wp-element-caption\">Visita ao Centro Ci\u00eancia Viva do Lousal e ao recinto mineiro.<\/figcaption><\/figure>\n<\/div>\n\n\n\n<div class=\"wp-block-column is-layout-flow wp-block-column-is-layout-flow\">\n<figure class=\"wp-block-image size-large is-resized\"><img loading=\"lazy\" decoding=\"async\" width=\"1024\" height=\"768\" src=\"https:\/\/pages.lip.pt\/loumu\/wp-content\/uploads\/sites\/7\/2021\/10\/P_20180726_165124-1024x768.jpg\" alt=\"\" class=\"wp-image-253\" style=\"width:674px;height:502px\" srcset=\"https:\/\/pages.lip.pt\/loumu\/wp-content\/uploads\/sites\/7\/2021\/10\/P_20180726_165124-1024x768.jpg 1024w, https:\/\/pages.lip.pt\/loumu\/wp-content\/uploads\/sites\/7\/2021\/10\/P_20180726_165124-300x225.jpg 300w, https:\/\/pages.lip.pt\/loumu\/wp-content\/uploads\/sites\/7\/2021\/10\/P_20180726_165124-768x576.jpg 768w, https:\/\/pages.lip.pt\/loumu\/wp-content\/uploads\/sites\/7\/2021\/10\/P_20180726_165124-1536x1152.jpg 1536w, https:\/\/pages.lip.pt\/loumu\/wp-content\/uploads\/sites\/7\/2021\/10\/P_20180726_165124-2048x1536.jpg 2048w\" sizes=\"(max-width: 767px) 89vw, (max-width: 1000px) 54vw, (max-width: 1071px) 543px, 580px\" \/><figcaption class=\"wp-element-caption\">Membros do projeto LouMu conhecem a mina e os locais dos estudos.<\/figcaption><\/figure>\n<\/div>\n<\/div>\n","protected":false},"excerpt":{"rendered":"<p>O Lousal \u00e9 local de atividades cient\u00edficas e de divulga\u00e7\u00e3o do conhecimento. No \u00e2mbito do LouMu, realizam-se no Lousal palestras sobre muografia e temas relacionados e visitas ao equipamento de dete\u00e7\u00e3o no interior da mina. Contacto para marca\u00e7\u00e3o de visitas ao Lousal: info @ lousal.cienciaviva.pt | 20 . 07 . 2025 &amp; 03 . 08 &hellip; <\/p>\n<p class=\"link-more\"><a href=\"https:\/\/pages.lip.pt\/loumu\/no-lousal\/\" class=\"more-link\">Continue reading<span class=\"screen-reader-text\"> &#8220;Atividades no Lousal&#8221;<\/span><\/a><\/p>\n","protected":false},"author":6,"featured_media":0,"parent":0,"menu_order":0,"comment_status":"closed","ping_status":"closed","template":"","meta":{"footnotes":""},"class_list":["post-85","page","type-page","status-publish","hentry"],"_links":{"self":[{"href":"https:\/\/pages.lip.pt\/loumu\/wp-json\/wp\/v2\/pages\/85","targetHints":{"allow":["GET"]}}],"collection":[{"href":"https:\/\/pages.lip.pt\/loumu\/wp-json\/wp\/v2\/pages"}],"about":[{"href":"https:\/\/pages.lip.pt\/loumu\/wp-json\/wp\/v2\/types\/page"}],"author":[{"embeddable":true,"href":"https:\/\/pages.lip.pt\/loumu\/wp-json\/wp\/v2\/users\/6"}],"replies":[{"embeddable":true,"href":"https:\/\/pages.lip.pt\/loumu\/wp-json\/wp\/v2\/comments?post=85"}],"version-history":[{"count":47,"href":"https:\/\/pages.lip.pt\/loumu\/wp-json\/wp\/v2\/pages\/85\/revisions"}],"predecessor-version":[{"id":1527,"href":"https:\/\/pages.lip.pt\/loumu\/wp-json\/wp\/v2\/pages\/85\/revisions\/1527"}],"wp:attachment":[{"href":"https:\/\/pages.lip.pt\/loumu\/wp-json\/wp\/v2\/media?parent=85"}],"curies":[{"name":"wp","href":"https:\/\/api.w.org\/{rel}","templated":true}]}}