{"id":468,"date":"2021-10-16T22:09:01","date_gmt":"2021-10-16T22:09:01","guid":{"rendered":"https:\/\/pages.lip.pt\/loumu\/?page_id=468"},"modified":"2021-11-16T20:44:04","modified_gmt":"2021-11-16T20:44:04","slug":"mina","status":"publish","type":"page","link":"https:\/\/pages.lip.pt\/loumu\/mina\/","title":{"rendered":"Galeria Waldemar"},"content":{"rendered":"\n<blockquote class=\"wp-block-quote is-layout-flow wp-block-quote-is-layout-flow\"><p>O complexo mineiro do Lousal fica situado na regi\u00e3o oeste do Alentejo e apresenta-se atualmente como a Mina da Ci\u00eancia &#8211; Centro Ci\u00eancia Viva do Lousal.<\/p><p>\u00c9 na Galeria Waldemar que o projecto LouMu tem um telesc\u00f3pio de mu\u00f5es instalado para observar o terreno por cima da mina<\/p><\/blockquote>\n\n\n\n<hr class=\"wp-block-separator is-style-dots\" \/>\n\n\n\n<div style=\"height:36px\" aria-hidden=\"true\" class=\"wp-block-spacer\"><\/div>\n\n\n\n<figure class=\"wp-block-image size-large\"><img fetchpriority=\"high\" decoding=\"async\" width=\"1024\" height=\"574\" src=\"https:\/\/pages.lip.pt\/loumu\/wp-content\/uploads\/sites\/7\/2021\/11\/P_20190219_124532-1024x574.jpg\" alt=\"\" class=\"wp-image-783\" srcset=\"https:\/\/pages.lip.pt\/loumu\/wp-content\/uploads\/sites\/7\/2021\/11\/P_20190219_124532-1024x574.jpg 1024w, https:\/\/pages.lip.pt\/loumu\/wp-content\/uploads\/sites\/7\/2021\/11\/P_20190219_124532-300x168.jpg 300w, https:\/\/pages.lip.pt\/loumu\/wp-content\/uploads\/sites\/7\/2021\/11\/P_20190219_124532-768x431.jpg 768w, https:\/\/pages.lip.pt\/loumu\/wp-content\/uploads\/sites\/7\/2021\/11\/P_20190219_124532-1536x862.jpg 1536w, https:\/\/pages.lip.pt\/loumu\/wp-content\/uploads\/sites\/7\/2021\/11\/P_20190219_124532.jpg 2016w\" sizes=\"(max-width: 767px) 89vw, (max-width: 1000px) 54vw, (max-width: 1071px) 543px, 580px\" \/><figcaption>Vista do complexo mineiro no Lousal  e da lagoa vermelha de \u00e1guas \u00e1cidas<\/figcaption><\/figure>\n\n\n\n<div style=\"height:36px\" aria-hidden=\"true\" class=\"wp-block-spacer\"><\/div>\n\n\n\n<div class=\"wp-block-columns is-layout-flex wp-container-core-columns-is-layout-9d6595d7 wp-block-columns-is-layout-flex\">\n<div class=\"wp-block-column is-layout-flow wp-block-column-is-layout-flow\" style=\"flex-basis:66.66%\">\n<div class=\"wp-block-image\"><figure class=\"aligncenter size-full\"><img decoding=\"async\" width=\"421\" height=\"324\" src=\"https:\/\/pages.lip.pt\/loumu\/wp-content\/uploads\/sites\/7\/2021\/10\/3.-local-prototipo-Copia-4.png\" alt=\"\" class=\"wp-image-523\" srcset=\"https:\/\/pages.lip.pt\/loumu\/wp-content\/uploads\/sites\/7\/2021\/10\/3.-local-prototipo-Copia-4.png 421w, https:\/\/pages.lip.pt\/loumu\/wp-content\/uploads\/sites\/7\/2021\/10\/3.-local-prototipo-Copia-4-300x231.png 300w\" sizes=\"(max-width: 421px) 100vw, 421px\" \/><figcaption>Localiza\u00e7\u00e3o do Lousal e do prot\u00f3tipo MiniMu dentro da galeria<\/figcaption><\/figure><\/div>\n\n\n\n<figure class=\"wp-block-image size-full\"><img decoding=\"async\" width=\"482\" height=\"202\" src=\"https:\/\/pages.lip.pt\/loumu\/wp-content\/uploads\/sites\/7\/2021\/10\/8ba1dccf-4d6e-416d-a964-ef6e05c7d4de_l-2.jpg\" alt=\"\" class=\"wp-image-518\" srcset=\"https:\/\/pages.lip.pt\/loumu\/wp-content\/uploads\/sites\/7\/2021\/10\/8ba1dccf-4d6e-416d-a964-ef6e05c7d4de_l-2.jpg 482w, https:\/\/pages.lip.pt\/loumu\/wp-content\/uploads\/sites\/7\/2021\/10\/8ba1dccf-4d6e-416d-a964-ef6e05c7d4de_l-2-300x126.jpg 300w\" sizes=\"(max-width: 482px) 100vw, 482px\" \/><figcaption>Perfil da Galeria Waldemar<\/figcaption><\/figure>\n<\/div>\n\n\n\n<div class=\"wp-block-column is-layout-flow wp-block-column-is-layout-flow\" style=\"flex-basis:33.33%\">\n<p> <\/p>\n\n\n\n<div style=\"height:20px\" aria-hidden=\"true\" class=\"wp-block-spacer\"><\/div>\n\n\n\n<p>A Mina do Lousal \u00e9 o local escolhido para a primeira realiza\u00e7\u00e3o de muografia em Portugal.<\/p>\n\n\n\n<p>A mina operou entre 1900 e 1988 para extra\u00e7\u00e3o de pirite. Ap\u00f3s encerrar, foi alvo de requalifica\u00e7\u00f5es que a transformaram num museu de ci\u00eancia a c\u00e9u aberto.<\/p>\n\n\n\n<p>A execu\u00e7\u00e3o de muografia est\u00e1 a ocorrer na galeria superior da mina, a Galeria Waldemar, onde o prot\u00f3tipo de um telesc\u00f3pio de mu\u00f5es, o MiniMu, est\u00e1 instalado. Este tem desempenhado o papel de equipamento de teste e de divulga\u00e7\u00e3o do conhecimento sobre o projeto LouMu e a t\u00e9cnica de muografia.<\/p>\n<\/div>\n<\/div>\n\n\n\n<div class=\"wp-block-columns is-layout-flex wp-container-core-columns-is-layout-9d6595d7 wp-block-columns-is-layout-flex\">\n<div class=\"wp-block-column is-layout-flow wp-block-column-is-layout-flow\">\n<figure class=\"wp-block-image size-large\"><img loading=\"lazy\" decoding=\"async\" width=\"776\" height=\"1024\" src=\"https:\/\/pages.lip.pt\/loumu\/wp-content\/uploads\/sites\/7\/2021\/10\/P_20180726_164922-1-776x1024.jpg\" alt=\"\" class=\"wp-image-512\" srcset=\"https:\/\/pages.lip.pt\/loumu\/wp-content\/uploads\/sites\/7\/2021\/10\/P_20180726_164922-1-776x1024.jpg 776w, https:\/\/pages.lip.pt\/loumu\/wp-content\/uploads\/sites\/7\/2021\/10\/P_20180726_164922-1-227x300.jpg 227w, https:\/\/pages.lip.pt\/loumu\/wp-content\/uploads\/sites\/7\/2021\/10\/P_20180726_164922-1-768x1014.jpg 768w, https:\/\/pages.lip.pt\/loumu\/wp-content\/uploads\/sites\/7\/2021\/10\/P_20180726_164922-1-1164x1536.jpg 1164w, https:\/\/pages.lip.pt\/loumu\/wp-content\/uploads\/sites\/7\/2021\/10\/P_20180726_164922-1-1552x2048.jpg 1552w, https:\/\/pages.lip.pt\/loumu\/wp-content\/uploads\/sites\/7\/2021\/10\/P_20180726_164922-1-scaled.jpg 1939w\" sizes=\"(max-width: 767px) 89vw, (max-width: 1000px) 54vw, (max-width: 1071px) 543px, 580px\" \/><figcaption>Entrada da Galeria Waldemar<\/figcaption><\/figure>\n<\/div>\n\n\n\n<div class=\"wp-block-column is-layout-flow wp-block-column-is-layout-flow\">\n<figure class=\"wp-block-image size-large\"><img loading=\"lazy\" decoding=\"async\" width=\"778\" height=\"1024\" src=\"https:\/\/pages.lip.pt\/loumu\/wp-content\/uploads\/sites\/7\/2021\/10\/P_20180726_165943-1-778x1024.jpg\" alt=\"\" class=\"wp-image-513\" srcset=\"https:\/\/pages.lip.pt\/loumu\/wp-content\/uploads\/sites\/7\/2021\/10\/P_20180726_165943-1-778x1024.jpg 778w, https:\/\/pages.lip.pt\/loumu\/wp-content\/uploads\/sites\/7\/2021\/10\/P_20180726_165943-1-228x300.jpg 228w, https:\/\/pages.lip.pt\/loumu\/wp-content\/uploads\/sites\/7\/2021\/10\/P_20180726_165943-1-768x1011.jpg 768w, https:\/\/pages.lip.pt\/loumu\/wp-content\/uploads\/sites\/7\/2021\/10\/P_20180726_165943-1-1167x1536.jpg 1167w, https:\/\/pages.lip.pt\/loumu\/wp-content\/uploads\/sites\/7\/2021\/10\/P_20180726_165943-1.jpg 1483w\" sizes=\"(max-width: 767px) 89vw, (max-width: 1000px) 54vw, (max-width: 1071px) 543px, 580px\" \/><figcaption>Interior da galeria<\/figcaption><\/figure>\n<\/div>\n\n\n\n<div class=\"wp-block-column is-layout-flow wp-block-column-is-layout-flow\">\n<figure class=\"wp-block-image size-large\"><img loading=\"lazy\" decoding=\"async\" width=\"814\" height=\"1024\" src=\"https:\/\/pages.lip.pt\/loumu\/wp-content\/uploads\/sites\/7\/2021\/10\/minimu-814x1024.jpg\" alt=\"\" class=\"wp-image-511\" srcset=\"https:\/\/pages.lip.pt\/loumu\/wp-content\/uploads\/sites\/7\/2021\/10\/minimu-814x1024.jpg 814w, https:\/\/pages.lip.pt\/loumu\/wp-content\/uploads\/sites\/7\/2021\/10\/minimu-239x300.jpg 239w, https:\/\/pages.lip.pt\/loumu\/wp-content\/uploads\/sites\/7\/2021\/10\/minimu-768x966.jpg 768w, https:\/\/pages.lip.pt\/loumu\/wp-content\/uploads\/sites\/7\/2021\/10\/minimu-1222x1536.jpg 1222w, https:\/\/pages.lip.pt\/loumu\/wp-content\/uploads\/sites\/7\/2021\/10\/minimu.jpg 1520w\" sizes=\"(max-width: 767px) 89vw, (max-width: 1000px) 54vw, (max-width: 1071px) 543px, 580px\" \/><figcaption>MiniMu (prot\u00f3tipo do telesc\u00f3pio de mu\u00f5es)<\/figcaption><\/figure>\n<\/div>\n<\/div>\n\n\n\n<p>O local tem uma longa hist\u00f3ria de estudos geol\u00f3gicos e geof\u00edsicos. A muografia far\u00e1 um novo reconhecimento geol\u00f3gico do terreno acima da mina.  <\/p>\n\n\n\n<p>\u00c9 por isso um bom local para avaliar o desempenho e a sensibilidade do telesc\u00f3pio de mu\u00f5es e da an\u00e1lise da muografia, atrav\u00e9s da compara\u00e7\u00e3o com a informa\u00e7\u00e3o j\u00e1 existente, assim como tamb\u00e9m fornecer novos dados sobre&nbsp; a geologia do local, obtidos com esta nova forma de prospe\u00e7\u00e3o.<\/p>\n\n\n\n<div style=\"height:39px\" aria-hidden=\"true\" class=\"wp-block-spacer\"><\/div>\n\n\n\n<figure class=\"wp-block-embed is-type-video is-provider-youtube wp-block-embed-youtube wp-embed-aspect-16-9 wp-has-aspect-ratio\"><div class=\"wp-block-embed__wrapper\">\n<iframe title=\"Galeria Waldemar - Laser Scanner\" width=\"525\" height=\"295\" src=\"https:\/\/www.youtube.com\/embed\/4TtIfKmVM7A?feature=oembed\" frameborder=\"0\" allow=\"accelerometer; autoplay; clipboard-write; encrypted-media; gyroscope; picture-in-picture; web-share\" referrerpolicy=\"strict-origin-when-cross-origin\" allowfullscreen><\/iframe>\n<\/div><\/figure>\n\n\n\n<div style=\"height:58px\" aria-hidden=\"true\" class=\"wp-block-spacer\"><\/div>\n\n\n\n<p>Este levantamento 3D, obtido com um Laser Scanner, mostra a sec\u00e7\u00e3o da Galeria Waldemar onde est\u00e1 instalado o MiniMu. Cont\u00e9m duas passagens e um po\u00e7o que faz a liga\u00e7\u00e3o da mina at\u00e9 \u00e0 superf\u00edcie do terreno que \u00e9 o alvo da observa\u00e7\u00e3o.<\/p>\n","protected":false},"excerpt":{"rendered":"<p>O complexo mineiro do Lousal fica situado na regi\u00e3o oeste do Alentejo e apresenta-se atualmente como a Mina da Ci\u00eancia &#8211; Centro Ci\u00eancia Viva do Lousal. \u00c9 na Galeria Waldemar que o projecto LouMu tem um telesc\u00f3pio de mu\u00f5es instalado para observar o terreno por cima da mina A Mina do Lousal \u00e9 o local &hellip; <\/p>\n<p class=\"link-more\"><a href=\"https:\/\/pages.lip.pt\/loumu\/mina\/\" class=\"more-link\">Continue reading<span class=\"screen-reader-text\"> &#8220;Galeria Waldemar&#8221;<\/span><\/a><\/p>\n","protected":false},"author":19,"featured_media":0,"parent":0,"menu_order":0,"comment_status":"closed","ping_status":"closed","template":"","meta":{"footnotes":""},"class_list":["post-468","page","type-page","status-publish","hentry"],"_links":{"self":[{"href":"https:\/\/pages.lip.pt\/loumu\/wp-json\/wp\/v2\/pages\/468","targetHints":{"allow":["GET"]}}],"collection":[{"href":"https:\/\/pages.lip.pt\/loumu\/wp-json\/wp\/v2\/pages"}],"about":[{"href":"https:\/\/pages.lip.pt\/loumu\/wp-json\/wp\/v2\/types\/page"}],"author":[{"embeddable":true,"href":"https:\/\/pages.lip.pt\/loumu\/wp-json\/wp\/v2\/users\/19"}],"replies":[{"embeddable":true,"href":"https:\/\/pages.lip.pt\/loumu\/wp-json\/wp\/v2\/comments?post=468"}],"version-history":[{"count":12,"href":"https:\/\/pages.lip.pt\/loumu\/wp-json\/wp\/v2\/pages\/468\/revisions"}],"predecessor-version":[{"id":1085,"href":"https:\/\/pages.lip.pt\/loumu\/wp-json\/wp\/v2\/pages\/468\/revisions\/1085"}],"wp:attachment":[{"href":"https:\/\/pages.lip.pt\/loumu\/wp-json\/wp\/v2\/media?parent=468"}],"curies":[{"name":"wp","href":"https:\/\/api.w.org\/{rel}","templated":true}]}}